{"id":1196,"date":"2018-06-05T16:22:35","date_gmt":"2018-06-05T14:22:35","guid":{"rendered":"http:\/\/www.emmedatasas.eu\/wp\/?page_id=1196"},"modified":"2018-06-19T14:30:11","modified_gmt":"2018-06-19T12:30:11","slug":"deposizione","status":"publish","type":"page","link":"https:\/\/progetti.diocesidicomo.it\/santabbondio\/deposizione\/","title":{"rendered":"deposizione"},"content":{"rendered":"<table width=\"100%\">\n<tbody>\n<tr>\n<td style=\"text-align: center;\"><img loading=\"lazy\" decoding=\"async\" class=\"aligncenter size-full wp-image-232\" src=\"http:\/\/progetti.diocesidicomo.it\/santabbondio\/wp-content\/uploads\/2018\/04\/deposizione.jpg\" alt=\"\" width=\"700\" height=\"529\" srcset=\"https:\/\/progetti.diocesidicomo.it\/santabbondio\/wp-content\/uploads\/2018\/04\/deposizione.jpg 700w, https:\/\/progetti.diocesidicomo.it\/santabbondio\/wp-content\/uploads\/2018\/04\/deposizione-300x227.jpg 300w\" sizes=\"auto, (max-width: 700px) 100vw, 700px\" \/><\/td>\n<\/tr>\n<tr>\n<td>\u00abGiuseppe \u2026 si present\u00f2 a Pilato e chiese il corpo di Ges\u00f9. Lo cal\u00f2 dalla croce\u00bb.<br \/>\n(Luca, 23, 50-53)<\/td>\n<\/tr>\n<\/tbody>\n<\/table>\n","protected":false},"excerpt":{"rendered":"<p>\u00abGiuseppe \u2026 si present\u00f2 a Pilato e chiese il corpo di Ges\u00f9. Lo cal\u00f2 dalla croce\u00bb. (Luca, 23, 50-53)<\/p>\n","protected":false},"author":1,"featured_media":0,"parent":0,"menu_order":0,"comment_status":"closed","ping_status":"closed","template":"","meta":{"footnotes":""},"class_list":["post-1196","page","type-page","status-publish","hentry"],"_links":{"self":[{"href":"https:\/\/progetti.diocesidicomo.it\/santabbondio\/wp-json\/wp\/v2\/pages\/1196","targetHints":{"allow":["GET"]}}],"collection":[{"href":"https:\/\/progetti.diocesidicomo.it\/santabbondio\/wp-json\/wp\/v2\/pages"}],"about":[{"href":"https:\/\/progetti.diocesidicomo.it\/santabbondio\/wp-json\/wp\/v2\/types\/page"}],"author":[{"embeddable":true,"href":"https:\/\/progetti.diocesidicomo.it\/santabbondio\/wp-json\/wp\/v2\/users\/1"}],"replies":[{"embeddable":true,"href":"https:\/\/progetti.diocesidicomo.it\/santabbondio\/wp-json\/wp\/v2\/comments?post=1196"}],"version-history":[{"count":2,"href":"https:\/\/progetti.diocesidicomo.it\/santabbondio\/wp-json\/wp\/v2\/pages\/1196\/revisions"}],"predecessor-version":[{"id":1287,"href":"https:\/\/progetti.diocesidicomo.it\/santabbondio\/wp-json\/wp\/v2\/pages\/1196\/revisions\/1287"}],"wp:attachment":[{"href":"https:\/\/progetti.diocesidicomo.it\/santabbondio\/wp-json\/wp\/v2\/media?parent=1196"}],"curies":[{"name":"wp","href":"https:\/\/api.w.org\/{rel}","templated":true}]}}